{"id":75,"date":"2017-10-16T08:03:40","date_gmt":"2017-10-16T08:03:40","guid":{"rendered":"http:\/\/www.bbdance.ro\/?page_id=75"},"modified":"2020-06-03T01:22:53","modified_gmt":"2020-06-02T22:22:53","slug":"hifa","status":"publish","type":"page","link":"https:\/\/www.bbdance.ro\/hu\/hifa\/","title":{"rendered":"A HIFA-r\u00f3l"},"content":{"rendered":"<p>Egyes\u00fclet\u00fcnket 2000-ben alap\u00edtott\u00e1k Marosv\u00e1s\u00e1rhelyen. Az Egyes\u00fclet neve a\u00a0<a href=\"http:\/\/www.hifa.at\">HIFA-Ausztria<\/a> \u00e9s a Hifa-Magyarorsz\u00e1g-t\u00f3l sz\u00e1rmazik, erk\u00f6lcsi \u00e9s szellemi t\u00e1mogat\u00f3ink. A HIFA azt jelenti = HILFE F\u00dcR ALLE = SEG\u00cdTS\u00c9G MINDENKIN. Ausztri\u00e1ban a HIFA-t 1971-ben Adolf Paster \u00e9s Dr. Aaron Ekwu alap\u00edtotta, Magyarorsz\u00e1gon pedig 1995-ben.<\/p>\n<p>C\u00e9lunk az emberi m\u00e9lt\u00f3s\u00e1g fejleszt\u00e9se \u00e9s meg\u0151rz\u00e9se an\u00e9lk\u00fcl, hogy megpr\u00f3b\u00e1ln\u00e1nk megv\u00e1ltoztatni az alapvet\u0151 hiedelmeket.<\/p>\n<p>A c\u00e9lcsoport fogyat\u00e9koss\u00e1ggal \u00e9l\u0151 feln\u0151ttek \u00e9s kr\u00f3nikus betegek, h\u00e1tr\u00e1nyos helyzet\u0171 gyermekek \u00e9s fiatalok.<\/p>\n<p>Tev\u00e9kenys\u00e9gi k\u00f6r\u00f6k: t\u00e1rsadalmi (2006 \u00f3ta akkredit\u00e1lt a szoci\u00e1lis szolg\u00e1ltat\u00e1sok ny\u00fajt\u00e1s\u00e1ra), szakk\u00e9pz\u00e9s (2009 \u00f3ta a Munka\u00fcgyi \u00e9s Oktat\u00e1si Miniszt\u00e9rium enged\u00e9lyezi, a v\u00e9gzetts\u00e9g igazol\u00e1s\u00e1val), kultur\u00e1lis, vall\u00e1si (Fraternitas: nemzetk\u00f6zi evangeliz\u00e1ci\u00f3s mozgalom &#8211; a beteg l\u00e9gy a betegek apostola, mert ez hitelesebb)<\/p>\n<p>2010-ben alap\u00edtottuk a HIFA-RO Kiad\u00f3t.<\/p>\n<p>Szervez\u00fcnk: k\u00fcl\u00f6nf\u00e9le tanfolyamokat, t\u00e1borokat, szemin\u00e1riumokat, tal\u00e1lkoz\u00f3kat stb. Programjaink c\u00e9lja, hogy a kedvezm\u00e9nyezettek beilleszkedjenek a t\u00e1rsadalomba, \u00faj mentalit\u00e1st alak\u00edtsanak ki \u00f6n\u00e1ll\u00f3 \u00e9let\u00fck fel\u00e9rt\u00e9kel\u00e9s\u00e9ben \u00e9s \u00fajj\u00e1szervez\u00e9s\u00e9ben akad\u00e1lyok n\u00e9lk\u00fcl.<\/p>\n<p>Legfontosabb terv\u00fcnk a HIFA Park &#8211; a fogyat\u00e9kkal \u00e9l\u0151k gondoz\u00e1si \u00e9s szoci\u00e1lis seg\u00edts\u00e9gny\u00fajt\u00f3 k\u00f6zpontja. P\u0103cureni-ban fogj\u00e1k \u00e9p\u00edteni.<\/p>\n<h3><strong>K\u00dcLDET\u00c9S<\/strong><\/h3>\n<p>K\u00fcldet\u00e9s\u00fcnk a HIFA-ROMANIA egyes\u00fclet k\u00fcl\u00f6n projektje, amelynek eredm\u00e9nyek\u00e9nt felel\u0151ss\u00e9get v\u00e1llalunk embert\u00e1rsaink\u00e9rt, azok\u00e9rt, akik minden nap dolgoznak k\u00fcl\u00f6nb\u00f6z\u0151 ter\u00fcleteken, p\u00e9ld\u00e1ul t\u00e1rsadalmi, kultur\u00e1lis, k\u00e9pz\u00e9si, sport- \u00e9s rekre\u00e1ci\u00f3s ter\u00fcleteken.<\/p>\n<h3><strong>C\u00c9LUNK<\/strong><\/h3>\n<p>C\u00e9lunk egy olyan ter\u00fclet fejleszt\u00e9se, amely kiemelked\u0151en fontos embert\u00e1rsaink sz\u00e1m\u00e1ra.<\/p>\n<p>2012-ben sz\u00fcletett a HIFA-PARK k\u00f6zpont l\u00e9trehoz\u00e1s\u00e1nak \u00f6tlete, \u00e1m a projekt v\u00e9g\u00e9ig hossz\u00fa \u00e9s neh\u00e9z \u00fat \u00e1ll el\u0151tt\u00fcnk.<\/p>\n<h3><strong>Mit jelent a HIFA-PARK?<\/strong><\/h3>\n<p>75 fogyat\u00e9kkal \u00e9l\u0151 ember sz\u00e1m\u00e1ra biztos\u00edtott lak\u00f3hely<br \/>\nHozz\u00e1f\u00e9rhet\u0151 k\u00f6rnyezet, harmonikus elhelyezked\u00e9s<br \/>\nSzakember seg\u00edts\u00e9g<br \/>\nMunkahelyek v\u00e9dett egys\u00e9gekben<br \/>\nEr\u0151fesz\u00edt\u00e9s az \u00f6nvezet\u00e9s \u00e9rdek\u00e9ben<br \/>\nRehabilit\u00e1ci\u00f3<br \/>\nT\u00e1rsadalmi integr\u00e1ci\u00f3<\/p>","protected":false},"excerpt":{"rendered":"<p>Egyes\u00fclet\u00fcnket 2000-ben alap\u00edtott\u00e1k Marosv\u00e1s\u00e1rhelyen. Az Egyes\u00fclet neve a\u00a0HIFA-Ausztria \u00e9s a Hifa-Magyarorsz\u00e1g-t\u00f3l sz\u00e1rmazik, erk\u00f6lcsi \u00e9s szellemi t\u00e1mogat\u00f3ink. A HIFA azt jelenti = HILFE F\u00dcR ALLE = SEG\u00cdTS\u00c9G MINDENKIN. Ausztri\u00e1ban a HIFA-t 1971-ben Adolf Paster \u00e9s Dr. Aaron Ekwu alap\u00edtotta, Magyarorsz\u00e1gon pedig 1995-ben. C\u00e9lunk az emberi m\u00e9lt\u00f3s\u00e1g [&hellip;]<\/p>\n","protected":false},"author":1,"featured_media":0,"parent":0,"menu_order":0,"comment_status":"closed","ping_status":"closed","template":"","meta":{"footnotes":""},"class_list":["post-75","page","type-page","status-publish","hentry"],"jetpack_sharing_enabled":true,"_links":{"self":[{"href":"https:\/\/www.bbdance.ro\/hu\/wp-json\/wp\/v2\/pages\/75","targetHints":{"allow":["GET"]}}],"collection":[{"href":"https:\/\/www.bbdance.ro\/hu\/wp-json\/wp\/v2\/pages"}],"about":[{"href":"https:\/\/www.bbdance.ro\/hu\/wp-json\/wp\/v2\/types\/page"}],"author":[{"embeddable":true,"href":"https:\/\/www.bbdance.ro\/hu\/wp-json\/wp\/v2\/users\/1"}],"replies":[{"embeddable":true,"href":"https:\/\/www.bbdance.ro\/hu\/wp-json\/wp\/v2\/comments?post=75"}],"version-history":[{"count":4,"href":"https:\/\/www.bbdance.ro\/hu\/wp-json\/wp\/v2\/pages\/75\/revisions"}],"predecessor-version":[{"id":748,"href":"https:\/\/www.bbdance.ro\/hu\/wp-json\/wp\/v2\/pages\/75\/revisions\/748"}],"wp:attachment":[{"href":"https:\/\/www.bbdance.ro\/hu\/wp-json\/wp\/v2\/media?parent=75"}],"curies":[{"name":"wp","href":"https:\/\/api.w.org\/{rel}","templated":true}]}}